{"id":23147,"date":"2023-01-12T13:30:45","date_gmt":"2023-01-12T12:30:45","guid":{"rendered":"https:\/\/www.soniaherrero.com\/sobre-mi\/"},"modified":"2024-05-29T18:50:56","modified_gmt":"2024-05-29T16:50:56","slug":"ich","status":"publish","type":"page","link":"https:\/\/www.soniaherrero.com\/de\/ich\/","title":{"rendered":"\u00dcber Mich"},"content":{"rendered":"<p>[et_pb_section fb_built=&#8221;1&#8243; _builder_version=&#8221;4.18.0&#8243; _module_preset=&#8221;default&#8221; background_color=&#8221;#F7F4F2&#8243; custom_padding=&#8221;0px||0px||true|false&#8221; da_disable_devices=&#8221;off|off|off&#8221; locked=&#8221;off&#8221; global_colors_info=&#8221;{}&#8221; da_is_popup=&#8221;off&#8221; da_exit_intent=&#8221;off&#8221; da_has_close=&#8221;on&#8221; da_alt_close=&#8221;off&#8221; da_dark_close=&#8221;off&#8221; da_not_modal=&#8221;on&#8221; da_is_singular=&#8221;off&#8221; da_with_loader=&#8221;off&#8221; da_has_shadow=&#8221;on&#8221;][et_pb_row column_structure=&#8221;1_2,1_2&#8243; make_equal=&#8221;on&#8221; _builder_version=&#8221;4.23.1&#8243; _module_preset=&#8221;default&#8221; custom_padding=&#8221;0px||0px||true|false&#8221; global_colors_info=&#8221;{}&#8221;][et_pb_column type=&#8221;1_2&#8243; _builder_version=&#8221;4.18.0&#8243; _module_preset=&#8221;default&#8221; custom_padding=&#8221;5em||5em||true|false&#8221; custom_padding_tablet=&#8221;||1em||false|false&#8221; custom_padding_phone=&#8221;||1em||false|false&#8221; custom_padding_last_edited=&#8221;on|tablet&#8221; global_colors_info=&#8221;{}&#8221;][et_pb_text _builder_version=&#8221;4.23.1&#8243; _module_preset=&#8221;default&#8221; text_font=&#8221;Photograph Signature||||||||&#8221; text_text_color=&#8221;#70485A&#8221; text_font_size=&#8221;3em&#8221; position_origin_a=&#8221;center_left&#8221; position_origin_a_tablet=&#8221;center_left&#8221; position_origin_a_phone=&#8221;center_left&#8221; position_origin_a_last_edited=&#8221;off|desktop&#8221; position_origin_f_last_edited=&#8221;off|desktop&#8221; position_origin_r_last_edited=&#8221;off|desktop&#8221; width=&#8221;100%&#8221; width_tablet=&#8221;66%&#8221; width_phone=&#8221;85%&#8221; width_last_edited=&#8221;on|tablet&#8221; module_alignment=&#8221;right&#8221; custom_margin_tablet=&#8221;0em||||false|false&#8221; custom_margin_phone=&#8221;-1em||||false|false&#8221; custom_margin_last_edited=&#8221;off|desktop&#8221; text_font_size_tablet=&#8221;3em&#8221; text_font_size_phone=&#8221;2em&#8221; text_font_size_last_edited=&#8221;on|phone&#8221; positioning_tablet=&#8221;none&#8221; positioning_phone=&#8221;none&#8221; positioning_last_edited=&#8221;off|desktop&#8221; locked=&#8221;off&#8221; global_colors_info=&#8221;{}&#8221;]<\/p>\n<p>Sonia Herrero<\/p>\n<p>[\/et_pb_text][et_pb_text _builder_version=&#8221;4.23.1&#8243; _module_preset=&#8221;default&#8221; text_font=&#8221;||||||||&#8221; text_font_size=&#8221;13px&#8221; header_font=&#8221;Alegreya||||||||&#8221; header_font_size=&#8221;2.5em&#8221; header_line_height=&#8221;1.2em&#8221; position_origin_a=&#8221;center_left&#8221; position_origin_a_tablet=&#8221;center_left&#8221; position_origin_a_phone=&#8221;center_left&#8221; position_origin_a_last_edited=&#8221;off|desktop&#8221; position_origin_f_last_edited=&#8221;off|desktop&#8221; position_origin_r_last_edited=&#8221;off|desktop&#8221; width=&#8221;100%&#8221; width_tablet=&#8221;66%&#8221; width_phone=&#8221;85%&#8221; width_last_edited=&#8221;on|tablet&#8221; module_alignment=&#8221;right&#8221; custom_margin=&#8221;||0em||false|false&#8221; header_font_size_tablet=&#8221;2em&#8221; header_font_size_phone=&#8221;1.4em&#8221; header_font_size_last_edited=&#8221;on|phone&#8221; positioning_tablet=&#8221;none&#8221; positioning_phone=&#8221;none&#8221; positioning_last_edited=&#8221;off|desktop&#8221; locked=&#8221;off&#8221; global_colors_info=&#8221;{}&#8221;]<\/p>\n<h1>Die Essenz meiner Arbeit<\/h1>\n<p>[\/et_pb_text][et_pb_text _builder_version=&#8221;4.23.1&#8243; _module_preset=&#8221;default&#8221; text_font=&#8221;|300|||||||&#8221; text_text_color=&#8221;#70485A&#8221; text_font_size=&#8221;1.5em&#8221; custom_margin=&#8221;||1em||false|false&#8221; locked=&#8221;off&#8221; global_colors_info=&#8221;{}&#8221;]<\/p>\n<p>Es ist mir ein Anliegen, meinen Klienten zu helfen, die emotionalen Ursachen hinter einer konkreten Situation zu erkennen, bevor wir nach L\u00f6sungen suchen. Nur durch das tiefe Schauen, Beleuchten der Zusammenh\u00e4nge und Verstehen unserer Muster kann eine nachhaltige und authentische Ver\u00e4nderung stattfinden.<\/p>\n<p>Auf pers\u00f6nlicher Ebene bin ich mit den Auswirkungen von Schock und Entwicklungstrauma vertraut. Auf meinem eigenen Weg der Heilung habe ich die Sensibilit\u00e4t, das Mitgef\u00fchl und die Klarheit gefunden, um andere bei ihrer Entwicklung zu unterst\u00fctzen.<\/p>\n<p>Meine Arbeitsmethode ist von vielf\u00e4ltigen achtsamkeitsbasierten und traumatherapeutischen Ans\u00e4tzen inspiriert. Ich verstehe meine therapeutische Begleitung als einen Prozess, in dem meine Klienten sich selber besser kennenlernen und verstehen und somit weiter entwickeln k\u00f6nnen.<\/p>\n<p>[\/et_pb_text][\/et_pb_column][et_pb_column type=&#8221;1_2&#8243; _builder_version=&#8221;4.18.0&#8243; _module_preset=&#8221;default&#8221; background_image=&#8221;https:\/\/www.soniaherrero.com\/wp-content\/uploads\/2023\/01\/img-sobremi-sonia-6.jpg&#8221; background_size=&#8221;contain&#8221; background_position=&#8221;center_right&#8221; global_colors_info=&#8221;{}&#8221;][et_pb_image src=&#8221;https:\/\/www.soniaherrero.com\/wp-content\/uploads\/2023\/01\/img-sobremi-sonia-6.jpg&#8221; disabled_on=&#8221;off|off|on&#8221; _builder_version=&#8221;4.18.0&#8243; _module_preset=&#8221;default&#8221; global_colors_info=&#8221;{}&#8221;][\/et_pb_image][\/et_pb_column][\/et_pb_row][\/et_pb_section][et_pb_section fb_built=&#8221;1&#8243; _builder_version=&#8221;4.21.0&#8243; _module_preset=&#8221;default&#8221; background_enable_color=&#8221;off&#8221; da_disable_devices=&#8221;off|off|off&#8221; locked=&#8221;off&#8221; global_colors_info=&#8221;{}&#8221; da_is_popup=&#8221;off&#8221; da_exit_intent=&#8221;off&#8221; da_has_close=&#8221;on&#8221; da_alt_close=&#8221;off&#8221; da_dark_close=&#8221;off&#8221; da_not_modal=&#8221;on&#8221; da_is_singular=&#8221;off&#8221; da_with_loader=&#8221;off&#8221; da_has_shadow=&#8221;on&#8221;][et_pb_row column_structure=&#8221;1_2,1_2&#8243; _builder_version=&#8221;4.18.0&#8243; _module_preset=&#8221;default&#8221; global_colors_info=&#8221;{}&#8221;][et_pb_column type=&#8221;1_2&#8243; _builder_version=&#8221;4.18.0&#8243; _module_preset=&#8221;default&#8221; global_colors_info=&#8221;{}&#8221;][et_pb_toggle title=&#8221;\u00dcber mich&#8221; open=&#8221;on&#8221; open_toggle_text_color=&#8221;#333333&#8243; open_toggle_background_color=&#8221;rgba(112,72,90,0.1)&#8221; closed_toggle_text_color=&#8221;#333333&#8243; closed_toggle_background_color=&#8221;rgba(112,72,90,0.1)&#8221; icon_color=&#8221;#70485A&#8221; toggle_icon=&#8221;&#x22;||divi||400&#8243; use_icon_font_size=&#8221;on&#8221; icon_font_size=&#8221;40px&#8221; open_icon_color=&#8221;#70485A&#8221; open_toggle_icon=&#8221;&#x21;||divi||400&#8243; open_use_icon_font_size=&#8221;on&#8221; open_icon_font_size=&#8221;40px&#8221; _builder_version=&#8221;4.23.1&#8243; _module_preset=&#8221;default&#8221; title_text_color=&#8221;#333333&#8243; title_level=&#8221;h2&#8243; title_font=&#8221;Alegreya|||on|on|||rgba(112,72,90,0.32)|wavy&#8221; title_font_size=&#8221;1.5em&#8221; title_line_height=&#8221;1.3em&#8221; body_font=&#8221;|300|||||||&#8221; body_text_color=&#8221;#000000&#8243; body_font_size=&#8221;20px&#8221; title_font_size_tablet=&#8221;1.5em&#8221; title_font_size_phone=&#8221;1em&#8221; title_font_size_last_edited=&#8221;on|phone&#8221; body_font_size_tablet=&#8221;20px&#8221; body_font_size_phone=&#8221;18px&#8221; body_font_size_last_edited=&#8221;on|phone&#8221; border_width_all=&#8221;0px&#8221; global_colors_info=&#8221;{}&#8221;]<\/p>\n<div>\n<p>\u00a0Ich bin in Spanien geboren, habe alle Kontinente bereist, in verschiedenen L\u00e4ndern gelebt und bin nun seit \u00fcber 15 Jahren in Deutschland.<\/p>\n<p>Ich habe meine Karriere 1999 als Rechtsanw\u00e4ltin angefangen. Danach war ich mehrere Jahre in internationalen Organisationen wie zum Beispiel der Europ\u00e4ischen Kommission t\u00e4tig.<\/p>\n<p>Mit 38 Jahre durchlebte ich eine tiefe existenzielle Krise. Mein K\u00f6rper wollte nicht weiter machen wie bisher und ich musste mir eine Pause nehmen. Durch unz\u00e4hlige Therapiesitzungen, einer Ausbildung als Coach, der Begleitung durch meinen spirituellen Lehrer und letztendlich meine Ausbildung als Traumatherapeutin, habe ich ein neues Leben f\u00fcr mich kreiert. Mit einer neuen Arbeit, neuer Ehe und zahlreichen neuen Beziehungen.<span><span style=\"color: #000000;\"><\/span><\/span><\/p>\n<p>Seit 2018 arbeite ich als Coach und seit 2022 als NARM Therapeutin. Parallel zu meiner Praxis habe ich in den letzten Jahren zwei Klein-Unternehmen im Bereich Organisations- und Pers\u00f6nlichkeitsentwicklung gegr\u00fcndet und gef\u00fchrt.<\/p>\n<p>&nbsp;<\/p>\n<p>&nbsp;<\/p>\n<\/div>\n<div><\/div>\n<p>[\/et_pb_toggle][\/et_pb_column][et_pb_column type=&#8221;1_2&#8243; _builder_version=&#8221;4.18.0&#8243; _module_preset=&#8221;default&#8221; global_colors_info=&#8221;{}&#8221;][et_pb_toggle title=&#8221;Mein Werdegang&#8221; open=&#8221;on&#8221; open_toggle_text_color=&#8221;#333333&#8243; open_toggle_background_color=&#8221;rgba(22,63,90,0.1)&#8221; closed_toggle_text_color=&#8221;#333333&#8243; closed_toggle_background_color=&#8221;rgba(22,63,90,0.1)&#8221; icon_color=&#8221;#163F5A&#8221; toggle_icon=&#8221;&#x22;||divi||400&#8243; use_icon_font_size=&#8221;on&#8221; icon_font_size=&#8221;40px&#8221; open_icon_color=&#8221;#163F5A&#8221; open_toggle_icon=&#8221;&#x21;||divi||400&#8243; open_use_icon_font_size=&#8221;on&#8221; open_icon_font_size=&#8221;40px&#8221; _builder_version=&#8221;4.21.0&#8243; _module_preset=&#8221;default&#8221; title_text_color=&#8221;#333333&#8243; title_level=&#8221;h2&#8243; title_font=&#8221;Alegreya|||on|on|||rgba(22,63,90,0.17)|wavy&#8221; title_font_size=&#8221;1.5em&#8221; title_line_height=&#8221;1.3em&#8221; body_font=&#8221;|300|||||||&#8221; body_text_color=&#8221;#000000&#8243; body_font_size=&#8221;20px&#8221; title_font_size_tablet=&#8221;1.5em&#8221; title_font_size_phone=&#8221;1em&#8221; title_font_size_last_edited=&#8221;on|phone&#8221; body_font_size_tablet=&#8221;20px&#8221; body_font_size_phone=&#8221;18px&#8221; body_font_size_last_edited=&#8221;on|phone&#8221; border_width_all=&#8221;0px&#8221; global_colors_info=&#8221;{}&#8221;]<\/p>\n<p><span style=\"font-size: 20px;\"><\/span><\/p>\n<p><span style=\"font-size: 20px;\">1993-1998 Jura-Studium in Barcelona<\/span><\/p>\n<p>2011-2014 Ausbildung zum Coach bei Creative Consciousness<\/p>\n<p>2015 Ausbildung zum Weibliche F\u00fchrung und Frauenkreisen Facilitator bei Awakening Women<\/p>\n<p><span>2016 <\/span>Ausbildung als Achtsamkeitstrainerin, Mindful Schools<\/p>\n<p><span>2017-2024 Weiterbildung in <\/span>Transparente Kommunikation, Trauma Heilung, Achtsamkeit und Meditation bei Thomas H\u00fcbl<\/p>\n<p>2020\u20142023 Ausbildung zur<span class=\"Apple-converted-space\">\u00a0 <\/span>NARM Therapeutin bei Dr. Laurence Heller (NeuroAffective Relational Model\u2122 ~<span class=\"Apple-converted-space\">\u00a0 <\/span>&#8216;Neuroaffektives Beziehungsmodell&#8217;)\u00a0<\/p>\n<p>2023 Ausbildung als Eltern Coach von Transparents<\/p>\n<p>2024 NARM Master Class<\/p>\n<p>2024 Ausbildung als Collective Trauma Facilitator, bei Thomas H\u00fcbl<\/p>\n<p>Mehrere Weiterbildungen in Organisationsentwicklung, F\u00fchrung und Kommunikation.<\/p>\n<p>[\/et_pb_toggle][\/et_pb_column][\/et_pb_row][\/et_pb_section][et_pb_section fb_built=&#8221;1&#8243; _builder_version=&#8221;4.18.0&#8243; _module_preset=&#8221;default&#8221; background_enable_color=&#8221;off&#8221; use_background_color_gradient=&#8221;on&#8221; background_color_gradient_direction=&#8221;90deg&#8221; background_color_gradient_stops=&#8221;rgba(22,63,90,0.1) 0%|#f7f4f2 100%&#8221; custom_padding=&#8221;0px||||false|false&#8221; da_disable_devices=&#8221;off|off|off&#8221; locked=&#8221;off&#8221; global_colors_info=&#8221;{}&#8221; da_is_popup=&#8221;off&#8221; da_exit_intent=&#8221;off&#8221; da_has_close=&#8221;on&#8221; da_alt_close=&#8221;off&#8221; da_dark_close=&#8221;off&#8221; da_not_modal=&#8221;on&#8221; da_is_singular=&#8221;off&#8221; da_with_loader=&#8221;off&#8221; da_has_shadow=&#8221;on&#8221;][et_pb_row column_structure=&#8221;3_5,2_5&#8243; _builder_version=&#8221;4.23.1&#8243; _module_preset=&#8221;default&#8221; custom_padding=&#8221;||0px||false|false&#8221; hover_enabled=&#8221;0&#8243; locked=&#8221;off&#8221; global_colors_info=&#8221;{}&#8221; sticky_enabled=&#8221;0&#8243;][et_pb_column type=&#8221;3_5&#8243; _builder_version=&#8221;4.18.0&#8243; _module_preset=&#8221;default&#8221; global_colors_info=&#8221;{}&#8221;][et_pb_icon font_icon=&#8221;&#xf10d;||fa||900&#8243; icon_color=&#8221;#FFFFFF&#8221; align=&#8221;left&#8221; _builder_version=&#8221;4.23.1&#8243; _module_preset=&#8221;default&#8221; custom_padding=&#8221;4em||||false|false&#8221; hover_enabled=&#8221;0&#8243; global_colors_info=&#8221;{}&#8221; icon_width_last_edited=&#8221;on|phone&#8221; sticky_enabled=&#8221;0&#8243; icon_width_phone=&#8221;60px&#8221;][\/et_pb_icon][\/et_pb_column][et_pb_column type=&#8221;2_5&#8243; _builder_version=&#8221;4.18.0&#8243; _module_preset=&#8221;default&#8221; global_colors_info=&#8221;{}&#8221;][et_pb_text _builder_version=&#8221;4.21.0&#8243; _module_preset=&#8221;default&#8221; header_2_font=&#8221;Alegreya|||on|||||&#8221; header_2_font_size=&#8221;2.5em&#8221; text_orientation=&#8221;right&#8221; header_2_font_size_tablet=&#8221;2.5em&#8221; header_2_font_size_phone=&#8221;2em&#8221; header_2_font_size_last_edited=&#8221;on|phone&#8221; text_orientation_tablet=&#8221;left&#8221; text_orientation_phone=&#8221;left&#8221; text_orientation_last_edited=&#8221;on|tablet&#8221; locked=&#8221;off&#8221; global_colors_info=&#8221;{}&#8221;]<\/p>\n<h2>Testimonials<\/h2>\n<p>[\/et_pb_text][\/et_pb_column][\/et_pb_row][et_pb_row make_equal=&#8221;on&#8221; custom_padding_last_edited=&#8221;on|tablet&#8221; _builder_version=&#8221;4.23.1&#8243; _module_preset=&#8221;default&#8221; custom_padding_tablet=&#8221;0px||||false|false&#8221; custom_padding_phone=&#8221;0px||||false|false&#8221; hover_enabled=&#8221;0&#8243; locked=&#8221;off&#8221; global_colors_info=&#8221;{}&#8221; custom_padding=&#8221;||0px||false|false&#8221; sticky_enabled=&#8221;0&#8243;][et_pb_column type=&#8221;4_4&#8243; _builder_version=&#8221;4.18.0&#8243; _module_preset=&#8221;default&#8221; global_colors_info=&#8221;{}&#8221;][et_pb_slider show_arrows=&#8221;off&#8221; _builder_version=&#8221;4.23.1&#8243; _module_preset=&#8221;default&#8221; body_font=&#8221;|300|||||||&#8221; body_text_color=&#8221;#333333&#8243; body_font_size=&#8221;1.2em&#8221; body_line_height=&#8221;1.6em&#8221; text_orientation=&#8221;left&#8221; custom_margin=&#8221;|||-4em|false|false&#8221; custom_margin_tablet=&#8221;|||-2em|false|false&#8221; custom_margin_phone=&#8221;|-1em||-1em|false|true&#8221; custom_margin_last_edited=&#8221;on|phone&#8221; custom_padding=&#8221;0px|0px|3em|0px|false|true&#8221; custom_padding_tablet=&#8221;0px|0px||0px|false|true&#8221; custom_padding_phone=&#8221;||4em||false|true&#8221; custom_padding_last_edited=&#8221;on|phone&#8221; hover_enabled=&#8221;0&#8243; global_colors_info=&#8221;{}&#8221; sticky_enabled=&#8221;0&#8243;][et_pb_slide _builder_version=&#8221;4.23.1&#8243; _module_preset=&#8221;default&#8221; background_color=&#8221;rgba(0,0,0,0)&#8221; background_enable_color=&#8221;on&#8221; text_orientation=&#8221;left&#8221; background_layout=&#8221;light&#8221; hover_enabled=&#8221;0&#8243; global_colors_info=&#8221;{}&#8221; sticky_transition=&#8221;on&#8221; sticky_enabled=&#8221;0&#8243;]<\/p>\n<p>Sonias Klarheit und Zuversicht haben mir enorm geholfen, mich selbst und meinen beruflichen Weg wiederzufinden. Sie gibt einem nie die Antworten, aber ich bin aus jeder Sitzung mit einem Gef\u00fchl der Klarheit herausgegangen. Meine Coaching-Sitzungen mit ihr waren alle intensiv, tiefgr\u00fcndig und \u00e4u\u00dferst hilfreich.<\/p>\n<p><strong>Bill Kaul<\/strong><\/p>\n<p>[\/et_pb_slide][et_pb_slide _builder_version=&#8221;4.23.1&#8243; _module_preset=&#8221;default&#8221; background_color=&#8221;rgba(0,0,0,0)&#8221; background_enable_color=&#8221;on&#8221; text_orientation=&#8221;left&#8221; background_layout=&#8221;light&#8221; hover_enabled=&#8221;0&#8243; global_colors_info=&#8221;{}&#8221; sticky_transition=&#8221;on&#8221; sticky_enabled=&#8221;0&#8243;]<\/p>\n<p>In meinen Sitzungen mit Sonia habe ich schnell mehr gelernt, als ich mir je erhofft hatte. Ich habe jetzt Werkzeuge, die mir helfen, jede Entscheidung im Leben oder im Gesch\u00e4ft anzugehen, und ein tieferes Verst\u00e4ndnis daf\u00fcr, wer ich als Person bin.<\/p>\n<p><strong>Laura Garcia<\/strong><\/p>\n<p>[\/et_pb_slide][et_pb_slide _builder_version=&#8221;4.23.1&#8243; _module_preset=&#8221;default&#8221; background_color=&#8221;rgba(0,0,0,0)&#8221; background_enable_color=&#8221;on&#8221; text_orientation=&#8221;left&#8221; background_layout=&#8221;light&#8221; hover_enabled=&#8221;0&#8243; global_colors_info=&#8221;{}&#8221; sticky_transition=&#8221;on&#8221; sticky_enabled=&#8221;0&#8243;]<\/p>\n<p>Die Arbeit mit Sonia hat mir geholfen, mehr Klarheit \u00fcber meine beruflichen Ziele zu erlangen und den Mut zu bekommen, sie anzusteuern. Ich habe viel \u00fcber meine Motivation, mein inneres Narrativ, was Sicherheit f\u00fcr mich bedeutet und \u00fcber Techniken gelernt, wie ich auch in Zukunft mit schwierigen Situationen umgehen kann.<\/p>\n<p><strong>Alexandra Rupp<\/strong><\/p>\n<p>[\/et_pb_slide][et_pb_slide _builder_version=&#8221;4.23.1&#8243; _module_preset=&#8221;default&#8221; background_color=&#8221;rgba(0,0,0,0)&#8221; background_enable_color=&#8221;on&#8221; text_orientation=&#8221;left&#8221; background_layout=&#8221;light&#8221; hover_enabled=&#8221;0&#8243; global_colors_info=&#8221;{}&#8221; sticky_transition=&#8221;on&#8221; sticky_enabled=&#8221;0&#8243;]<\/p>\n<p>Als Unternehmerin war ich kurz davor, mein Gesch\u00e4ft aufzugeben, bis ich mit Sonia zu arbeiten begann. Mit ihr habe ich einen Weg gefunden, meine gesch\u00e4ftlichen Ziele aufrechtzuerhalten und gleichzeitig f\u00fcrsorglicher und sanfter mit mir selbst umzugehen. Mit ihr habe ich eine gesunde Art zu arbeiten und ein ausgeglicheneres Leben zu f\u00fchren gelernt.<\/p>\n<p><strong>Claudia Gonzalez<\/strong><\/p>\n<p>[\/et_pb_slide][et_pb_slide _builder_version=&#8221;4.23.1&#8243; _module_preset=&#8221;default&#8221; background_color=&#8221;rgba(0,0,0,0)&#8221; background_enable_color=&#8221;on&#8221; text_orientation=&#8221;left&#8221; background_layout=&#8221;light&#8221; hover_enabled=&#8221;0&#8243; global_colors_info=&#8221;{}&#8221; sticky_transition=&#8221;on&#8221; sticky_enabled=&#8221;0&#8243;]<\/p>\n<p>Ich sch\u00e4tze an Sonia ihre warme Art, mit der sie ihrem Gegen\u00fcber ganz authentisch begegnet, wertsch\u00e4tzend und auf Augenh\u00f6he. Sie hat mich immer geduldig Begleitet bis ich selber meine eigene L\u00f6sungen gefunden habe.<\/p>\n<p><strong>Alfred K.<\/strong><\/p>\n<p>[\/et_pb_slide][\/et_pb_slider][\/et_pb_column][\/et_pb_row][\/et_pb_section]<\/p>\n","protected":false},"excerpt":{"rendered":"<p>Sonia HerreroDie Essenz meiner ArbeitEs ist mir ein Anliegen, meinen Klienten zu helfen, die emotionalen Ursachen hinter einer konkreten Situation zu erkennen, bevor wir nach L\u00f6sungen suchen. Nur durch das tiefe Schauen, Beleuchten der Zusammenh\u00e4nge und Verstehen unserer Muster kann eine nachhaltige und authentische Ver\u00e4nderung stattfinden. Auf pers\u00f6nlicher Ebene bin ich mit den Auswirkungen von Schock und Entwicklungstrauma vertraut. Auf meinem eigenen Weg der Heilung habe ich die Sensibilit\u00e4t, das Mitgef\u00fchl und die Klarheit gefunden, um andere bei ihrer Entwicklung zu unterst\u00fctzen. Meine Arbeitsmethode ist von vielf\u00e4ltigen achtsamkeitsbasierten und traumatherapeutischen Ans\u00e4tzen inspiriert. Ich verstehe meine therapeutische Begleitung als einen Prozess, in dem meine Klienten sich selber besser kennenlernen und verstehen und somit weiter entwickeln k\u00f6nnen. \u00a0Ich bin in Spanien geboren, habe alle Kontinente bereist, in verschiedenen L\u00e4ndern gelebt und bin nun seit \u00fcber 15 Jahren in Deutschland. Ich habe meine Karriere 1999 als Rechtsanw\u00e4ltin angefangen. Danach war ich mehrere Jahre in internationalen Organisationen wie zum Beispiel der Europ\u00e4ischen Kommission t\u00e4tig. Mit 38 Jahre durchlebte ich eine tiefe existenzielle Krise. Mein K\u00f6rper wollte nicht weiter machen wie bisher und ich musste mir eine Pause nehmen. Durch unz\u00e4hlige Therapiesitzungen, einer Ausbildung als Coach, der Begleitung durch meinen spirituellen Lehrer und letztendlich meine [&hellip;]<\/p>\n","protected":false},"author":7,"featured_media":0,"parent":0,"menu_order":0,"comment_status":"closed","ping_status":"closed","template":"","meta":{"_et_pb_use_builder":"on","_et_pb_old_content":"","_et_gb_content_width":"","footnotes":""},"class_list":["post-23147","page","type-page","status-publish","hentry"],"_links":{"self":[{"href":"https:\/\/www.soniaherrero.com\/de\/wp-json\/wp\/v2\/pages\/23147","targetHints":{"allow":["GET"]}}],"collection":[{"href":"https:\/\/www.soniaherrero.com\/de\/wp-json\/wp\/v2\/pages"}],"about":[{"href":"https:\/\/www.soniaherrero.com\/de\/wp-json\/wp\/v2\/types\/page"}],"author":[{"embeddable":true,"href":"https:\/\/www.soniaherrero.com\/de\/wp-json\/wp\/v2\/users\/7"}],"replies":[{"embeddable":true,"href":"https:\/\/www.soniaherrero.com\/de\/wp-json\/wp\/v2\/comments?post=23147"}],"version-history":[{"count":5,"href":"https:\/\/www.soniaherrero.com\/de\/wp-json\/wp\/v2\/pages\/23147\/revisions"}],"predecessor-version":[{"id":24649,"href":"https:\/\/www.soniaherrero.com\/de\/wp-json\/wp\/v2\/pages\/23147\/revisions\/24649"}],"wp:attachment":[{"href":"https:\/\/www.soniaherrero.com\/de\/wp-json\/wp\/v2\/media?parent=23147"}],"curies":[{"name":"wp","href":"https:\/\/api.w.org\/{rel}","templated":true}]}}